{"id":16,"date":"2012-03-29T18:01:19","date_gmt":"2012-03-29T18:01:19","guid":{"rendered":"http:\/\/reinicio.local\/?page_id=16"},"modified":"2015-03-01T02:06:20","modified_gmt":"2015-03-01T00:06:20","slug":"trabajos","status":"publish","type":"page","link":"https:\/\/www.reinicio.net\/index.php\/trabajos\/","title":{"rendered":"trabajos"},"content":{"rendered":"<div class=\"trabajo\"><a href=\"\/index.php\/identidad\"><img decoding=\"async\" alt=\"\" src=\"\/wp-content\/uploads\/trabajos\/01.gif\" \/><br \/>\n<\/a><\/p>\n<h3><span style=\"color: #666699;\"><a href=\"\/index.php\/identidad\"><span style=\"color: #666699;\">Identidad<\/span><\/a><\/span><\/h3>\n<p><span style=\"color: #666699;\"><a href=\"\/index.php\/identidad\"><span style=\"color: #666699;\">Los resultados de una organizaci\u00f3n o emprendedor aut\u00f3nomo dependen de que conecte con su p\u00fablico de modo coherente y sostenible.<\/span><\/a><\/span><br \/>\n<span style=\"color: #666699;\"><a href=\"\/index.php\/identidad\"><span style=\"color: #666699;\"> El signo y el tono propios han de ser \u00fanicos, apropiados y relevantes, por eso necesitan ser definida, dise\u00f1ada, aplicada y difundida en todas sus comunicaciones.<\/span><\/a><\/span><br \/>\n<span style=\"color: #666699;\"><a href=\"\/index.php\/identidad\"><span style=\"color: #666699;\"> Mantenerse an\u00f3nimo o invisible en un mercado en constante cambio equivale a no existir.<\/span><\/a><\/span><\/p>\n<\/div>\n<div class=\"trabajo\"><a href=\"\/index.php\/diseno-grafico\"><img decoding=\"async\" alt=\"\" src=\"\/wp-content\/uploads\/trabajos\/02.gif\" \/><br \/>\n<\/a><\/p>\n<h3><span style=\"color: #666699;\"><a href=\"\/index.php\/diseno-grafico\"><span style=\"color: #666699;\">Dise\u00f1o Gr\u00e1fico<\/span><\/a><\/span><\/h3>\n<p><span style=\"color: #666699;\"><a href=\"\/index.php\/diseno-grafico\"><span style=\"color: #666699;\">El dise\u00f1o grafico dispone la informaci\u00f3n con el fin de aumentar el atractivo del producto o servicio.<\/span><\/a><\/span><br \/>\n<span style=\"color: #666699;\"><a href=\"\/index.php\/diseno-grafico\"><span style=\"color: #666699;\"> Recurrimos a las artes cl\u00e1sicas de la tipograf\u00eda, la maquetaci\u00f3n, la ilustraci\u00f3n, la fotograf\u00eda y a sus aplicaciones espec\u00edficas, dirigiendo activamente todos los procesos de producci\u00f3n.<\/span><\/a><\/span><br \/>\n<span style=\"color: #666699;\"><a href=\"\/index.php\/diseno-grafico\"><span style=\"color: #666699;\"> No olvidamos que, sea cual sea el proyecto, nuestra promoci\u00f3n va incluida en \u00e9l.<\/span><\/a><\/span><\/p>\n<\/div>\n<div class=\"trabajo\"><span style=\"color: #666699;\"><a href=\"\/index.php\/web\"><span style=\"color: #666699;\"><img decoding=\"async\" alt=\"\" src=\"\/wp-content\/uploads\/trabajos\/07.gif\" \/><br \/>\n<\/span><\/a><\/span><\/p>\n<h3><span style=\"color: #666699;\"><a href=\"\/index.php\/web\"><span style=\"color: #666699;\">Web<\/span><\/a><\/span><\/h3>\n<p><span style=\"color: #666699;\"><a href=\"\/index.php\/web\"><span style=\"color: #666699;\">Proyectar en entornos digitales exige sumergirse en el mundo de la creatividad funcional y de la experiencia de usuario<\/span><\/a><\/span><br \/>\n<span style=\"color: #666699;\"><a href=\"\/index.php\/web\"><span style=\"color: #666699;\"> Trabajamos en entornos multidisciplinares donde la ergonom\u00eda y el ingenio predominan sobre la tecnolog\u00eda.<\/span><\/a><\/span><\/p>\n<\/div>\n<div class=\"trabajo\"><a href=\"\/index.php\/ilustracion\"><img decoding=\"async\" alt=\"\" src=\"\/wp-content\/uploads\/trabajos\/03.gif\" \/><br \/>\n<\/a><\/p>\n<h3><span style=\"color: #666699;\"><a href=\"\/index.php\/ilustracion\"><span style=\"color: #666699;\">Ilustraci\u00f3n<\/span><\/a><\/span><\/h3>\n<p><span style=\"color: #666699;\"><a href=\"\/index.php\/ilustracion\"><span style=\"color: #666699;\">El dibujo traduce la idea y la fija, plasm\u00e1ndola, directamente desde el enunciado.<\/span><\/a><\/span><br \/>\n<span style=\"color: #666699;\"><a href=\"\/index.php\/ilustracion\"><span style=\"color: #666699;\"> Ilustramos cualquier tipo de texto. Dibujamos publicidad, desde la primera idea al arte final.<\/span><\/a><\/span><br \/>\n<span style=\"color: #666699;\"><a href=\"\/index.php\/ilustracion\"><span style=\"color: #666699;\"> Desarrollamos storyboards en vi\u00f1etas, lay-outs; elaboramos animaciones, web interactivas y spots. Tambi\u00e9n creamos toda clase de personajes y mascotas.<\/span><\/a><\/span><\/p>\n<\/div>\n<div class=\"trabajo\"><a href=\"\/index.php\/video\"><img decoding=\"async\" alt=\"\" src=\"\/wp-content\/uploads\/2012\/03\/video.gif\" \/><br \/>\n<\/a><\/p>\n<h3><a href=\"\/index.php\/video\"><span style=\"color: #666699;\">V\u00eddeo<\/span><\/a><\/h3>\n<p><a href=\"\/index.php\/video\"><span style=\"color: #666699;\">Cualquier mensaje aumenta su atracci\u00f3n, se hace m\u00e1s accesible y atrae m\u00e1s atenci\u00f3n en movimiento. Con estos objetivos realizamos v\u00eddeos corporativos y de animaci\u00f3n.<\/span><\/a><br \/>\n<a href=\"\/index.php\/video\"><span style=\"color: #666699;\"> Escribimos guiones, dise\u00f1amos escenas y personajes, montamos y editamos a la medida del mensaje que el cliente quiere contar y de su p\u00fablico meta.<\/span><\/a><\/p>\n<\/div>\n<div class=\"trabajo\"><a href=\"\/index.php\/editorial\"><img decoding=\"async\" alt=\"\" src=\"\/wp-content\/uploads\/trabajos\/04.gif\" \/><br \/>\n<\/a><\/p>\n<h3><span style=\"color: #666699;\"><a href=\"\/index.php\/editorial\"><span style=\"color: #666699;\">Editorial<\/span><\/a><\/span><\/h3>\n<p><span style=\"color: #666699;\"><a href=\"\/index.php\/editorial\"><span style=\"color: #666699;\">En dise\u00f1o editorial, el contenido define el dise\u00f1o a realizar; este tipo de dise\u00f1o es, por tanto, altamente especializado y minucioso.<\/span><\/a><\/span><br \/>\n<span style=\"color: #666699;\"><a href=\"\/index.php\/editorial\"><span style=\"color: #666699;\"> Los libros son productos dise\u00f1ados para que permanezcan.<\/span><\/a><\/span><\/p>\n<\/div>\n<div class=\"trabajo\"><a href=\"\/index.php\/fotografia\"><img decoding=\"async\" alt=\"\" src=\"\/wp-content\/uploads\/trabajos\/05.gif\" \/><br \/>\n<\/a><\/p>\n<h3><span style=\"color: #666699;\"><a href=\"\/index.php\/fotografia\"><span style=\"color: #666699;\">Fotograf\u00eda<\/span><\/a><\/span><\/h3>\n<p><span style=\"color: #666699;\"><a href=\"\/index.php\/fotografia\"><span style=\"color: #666699;\">Una direcci\u00f3n de arte especializada, en cada proyecto, garantiza la m\u00e1xima calidad de nuestros trabajos fotogr\u00e1ficos: La fotograf\u00eda es, actualmente, uno de los elementos m\u00e1s importantes del dise\u00f1o gr\u00e1fico, debido a sus propiedades \u00fanicas de representaci\u00f3n de la realidad y a su alto impacto.<\/span><\/a><\/span><\/p>\n<\/div>\n<div class=\"trabajo\"><a href=\"\/index.php\/publicaciones\"><img decoding=\"async\" alt=\"\" src=\"\/wp-content\/uploads\/trabajos\/06.gif\" \/><br \/>\n<\/a><\/p>\n<h3><span style=\"color: #666699;\"><a href=\"\/index.php\/publicaciones\"><span style=\"color: #666699;\">Publicaciones<\/span><\/a><\/span><\/h3>\n<p><span style=\"color: #666699;\"><a href=\"\/index.php\/publicaciones\"><span style=\"color: #666699;\">Nuestras publicaciones, tanto impresas como on-line, suponen un espacio de investigaci\u00f3n y documentaci\u00f3n que mantienen nuestro trabajo en continua actualizaci\u00f3n y aportan aire nuevo a nuestros clientes y sus proyectos.<\/span><\/a><\/span><\/p>\n<\/div>\n<p><!--div class=\"trabajo\"><a href=\"\/index.php\/3d\"><img decoding=\"async\" alt=\"\" src=\"\/wp-content\/uploads\/trabajos\/08.gif\" \/>\n<\/a>\n\n\n<h3><span style=\"color: #666699;\"><a href=\"\/index.php\/3d\"><span style=\"color: #666699;\">3D<\/span><\/a><\/span><\/h3>\n\n\n<span style=\"color: #666699;\"><a href=\"\/index.php\/3d\"><span style=\"color: #666699;\">El dise\u00f1o interior engloba todas las disciplinas empleadas para la definici\u00f3n de un espacio; desde la arquitectura y la iluminaci\u00f3n, hasta la imagen corporativa o la se\u00f1al\u00e9tica.<\/span><\/a><\/span>\n<span style=\"color: #666699;\"><a href=\"\/index.php\/3d\"><span style=\"color: #666699;\"> En la creaci\u00f3n de interiores, empleamos infograf\u00edas 2D y 3D para definir los elementos que crean un ambiente y controlar el resultado final.<\/span><\/a><\/span>\n\n<\/div-->\n","protected":false},"excerpt":{"rendered":"<p>Identidad Los resultados de una organizaci\u00f3n o emprendedor aut\u00f3nomo dependen de que conecte con su p\u00fablico de modo coherente y sostenible. El signo y el tono propios han de ser \u00fanicos, apropiados y relevantes, por eso necesitan ser definida, dise\u00f1ada, aplicada y difundida en todas sus comunicaciones. Mantenerse an\u00f3nimo o invisible en un mercado en [&hellip;]<\/p>\n","protected":false},"author":2,"featured_media":0,"parent":0,"menu_order":0,"comment_status":"open","ping_status":"open","template":"una-columna.php","meta":{"_monsterinsights_skip_tracking":false,"_monsterinsights_sitenote_active":false,"_monsterinsights_sitenote_note":"","_monsterinsights_sitenote_category":0,"footnotes":""},"class_list":["post-16","page","type-page","status-publish","hentry"],"_links":{"self":[{"href":"https:\/\/www.reinicio.net\/index.php\/wp-json\/wp\/v2\/pages\/16"}],"collection":[{"href":"https:\/\/www.reinicio.net\/index.php\/wp-json\/wp\/v2\/pages"}],"about":[{"href":"https:\/\/www.reinicio.net\/index.php\/wp-json\/wp\/v2\/types\/page"}],"author":[{"embeddable":true,"href":"https:\/\/www.reinicio.net\/index.php\/wp-json\/wp\/v2\/users\/2"}],"replies":[{"embeddable":true,"href":"https:\/\/www.reinicio.net\/index.php\/wp-json\/wp\/v2\/comments?post=16"}],"version-history":[{"count":19,"href":"https:\/\/www.reinicio.net\/index.php\/wp-json\/wp\/v2\/pages\/16\/revisions"}],"predecessor-version":[{"id":807,"href":"https:\/\/www.reinicio.net\/index.php\/wp-json\/wp\/v2\/pages\/16\/revisions\/807"}],"wp:attachment":[{"href":"https:\/\/www.reinicio.net\/index.php\/wp-json\/wp\/v2\/media?parent=16"}],"curies":[{"name":"wp","href":"https:\/\/api.w.org\/{rel}","templated":true}]}}