{"id":121,"date":"2012-04-27T10:38:59","date_gmt":"2012-04-27T10:38:59","guid":{"rendered":"http:\/\/www.reinicio.net\/?page_id=121"},"modified":"2015-03-20T23:27:54","modified_gmt":"2015-03-20T21:27:54","slug":"diseno-grafico","status":"publish","type":"page","link":"https:\/\/www.reinicio.net\/index.php\/trabajos\/diseno-grafico\/","title":{"rendered":"Dise\u00f1o Gr\u00e1fico"},"content":{"rendered":"<p><span style=\"color: #666699;\">El dise\u00f1o gr\u00e1fico dispone la informaci\u00f3n con el fin de aumentar el atractivo del producto o servicio. Recurrimos a las artes cl\u00e1sicas de la tipograf\u00eda, la maquetaci\u00f3n, la ilustraci\u00f3n, la fotograf\u00eda y a sus aplicaciones espec\u00edficas, dirigiendo activamente todos los procesos de producci\u00f3n. No olvidamos que, sea cual sea el proyecto, nuestra promoci\u00f3n va incluida en \u00e9l.<\/span><\/p>\n<div class=\"separator\"><\/div>\n<table id=\"identidades\" width=\"100%\" border=\"0\" cellspacing=\"20\" cellpadding=\"0\">\n<tbody>\n<tr>\n<td valign=\"top\" colspan=\"2\">\n<h3>Lagarto Amarillo CD Edici\u00f3n limitada<\/h3>\n<p><img loading=\"lazy\" decoding=\"async\" src=\"\/wp-content\/uploads\/2012\/04\/COMPLETO.png\" alt=\"\" width=\"820\" height=\"439\" \/><br \/>\nEl grupo ampl\u00eda su notoriedad y sus \u00e9xitos son hoy masivos. Las giras por todo el territorio y los nuevos discos aumentan el n\u00famero de fans. Es un buen momento para reeditar su primera maqueta, el nacimiento del grupo y de Pablo Mora como compositor. Hacerlo en una edici\u00f3n limitada con cuidado dise\u00f1o destinado a coleccionistas resulta ser todo un acierto.\n<\/td>\n<\/tr>\n<tr>\n<td valign=\"top\">\n<h3>Unit\u00ednere<\/h3>\n<p><img decoding=\"async\" src=\"\/wp-content\/uploads\/diseno_grafico\/unitinere.jpg\" alt=\"\" \/><br \/>\nEl festival itinerante de teatro de la Universidad Carlos III eligi\u00f3 nuestra propuesta para su edici\u00f3n de 2009.<\/td>\n<td valign=\"top\">\n<h3>Armando Magia<\/h3>\n<p><img decoding=\"async\" src=\"\/wp-content\/uploads\/diseno_grafico\/armando_magia.jpg\" alt=\"\" \/><br \/>\nDise\u00f1amos el cartel de Armando, mago y artista visual multipremiado convirtiendo su fotogenia natural en ilustraci\u00f3n al modo de los carteles de circo del XIX.<\/td>\n<\/tr>\n<tr>\n<td valign=\"top\">\n<h3>Folleto corporativo<br \/>\nEcolink<\/h3>\n<p><img decoding=\"async\" src=\"\/wp-content\/uploads\/diseno_grafico\/ecolink.jpg\" alt=\"\" \/><br \/>\nLa empresa presenta su nueva imagen mediante un folleto descriptivo de los servicios de asesor\u00eda e ingenier\u00eda que presta.<\/td>\n<td valign=\"top\">\n<h3>Imagen promocional<br \/>\nEl Vellocino<\/h3>\n<p><img decoding=\"async\" src=\"\/wp-content\/uploads\/diseno_grafico\/vellocino.jpg\" alt=\"\" \/><br \/>\nFelipe Garc\u00eda V\u00e9lez produce su primer proyecto como director independiente: un cortometraje sobre la experiencia y la melancol\u00eda.<\/p>\n<p>Trabajamos sobre una imagen austera y evocadora para suscitar la curiosidad del espectador e invitarlo a descubrir qu\u00e9 se esconde detr\u00e1s de este t\u00edtulo.<\/td>\n<\/tr>\n<tr>\n<td colspan=\"2\" valign=\"top\">\n<h3>Campa\u00f1a 2008\/2009 &#8211; MGN Caucho<\/h3>\n<p><img decoding=\"async\" src=\"\/wp-content\/uploads\/diseno_grafico\/mgn_gaucho_1.jpg\" alt=\"\" \/> <img decoding=\"async\" src=\"\/wp-content\/uploads\/diseno_grafico\/mgn_gaucho_2.jpg\" alt=\"\" \/><br \/>\nUn paso m\u00e1s en su propuesta de comunicaci\u00f3n corporativa: MGN apuesta por valores sociales que considera imprescindibles para una ingenier\u00eda del siglo XXI, tales como la cooperaci\u00f3n al desarrollo, la sostenibilidad y la ecolog\u00eda.<\/p>\n<p>Transmite a sus clientes, adem\u00e1s, la filosof\u00eda de trabajo del equipo y sus objetivos, cumplidos, de crecimiento y especializaci\u00f3n como empresa.<\/td>\n<\/tr>\n<tr>\n<td colspan=\"2\" valign=\"top\">\n<h3>Programa Diciembre Cultural &#8211; Ayuntamiento de La Cabrera<\/h3>\n<p><img decoding=\"async\" src=\"\/wp-content\/uploads\/diseno_grafico\/cabrera.jpg\" alt=\"\" \/><br \/>\nPromover el Municipio. Celebrar la Navidad con actos culturales. Preservar y perpetuar una tradici\u00f3n en la Sierra Norte de Madrid. A partir de estos objetivos, repasamos e ilustramos el programa de festejos y contamos la historia de La Cabrera desde su fundaci\u00f3n.<\/td>\n<\/tr>\n<tr>\n<td valign=\"top\">\n<h3>MSCSN &#8211; Comunidad de Madrid<br \/>\nFestival de Invierno, Colores del Mundo<\/h3>\n<p><img decoding=\"async\" src=\"\/wp-content\/uploads\/diseno_grafico\/mscsn-colores_mundo.jpg\" alt=\"\" \/><br \/>\nEste espect\u00e1culo itinerante re\u00fane grupos y a m\u00fasicos de todas las latitudes.<br \/>\nPara dise\u00f1ar el cartel, decidimos realzar cada letra con los m\u00e1s variados objetos, en una propuesta l\u00fadico-tipogr\u00e1fica que expresase el enfoque multi\u00e9tnico del festival.<\/td>\n<td valign=\"top\">\n<h3>MSCSN &#8211; Comunidad de Madrid<br \/>\nEncuentro de Teatro Sierra Norte<\/h3>\n<p><img decoding=\"async\" src=\"\/wp-content\/uploads\/diseno_grafico\/mscsn-encuentro_teatro.jpg\" alt=\"\" \/><br \/>\nDise\u00f1o e ilustraci\u00f3n se inspiraron en las emociones que transmite el Teatro y en el car\u00e1cter plural del acontecimiento.<\/td>\n<\/tr>\n<tr>\n<td colspan=\"2\" valign=\"top\">\n<h3>Universal Music &#8211; Lagarto Amarillo<\/h3>\n<p><img decoding=\"async\" src=\"\/wp-content\/uploads\/diseno_grafico\/lagarto_amarillo.jpg\" alt=\"\" \/> <img decoding=\"async\" src=\"\/wp-content\/uploads\/diseno_grafico\/lagarto_amarillo_2.jpg\" alt=\"\" \/><br \/>\nUniversal lanza un nuevo grupo y, en un momento en que bajan las ventas de cds originales, apuesta por un proyecto basado en la imagen como factor decisivo.<br \/>\nEl resultado es una portada de gran impacto visual en el lineal de m\u00fasica, completada por un libreto atractivo y con amplia informaci\u00f3n acerca del grupo y los temas grabados.<\/td>\n<\/tr>\n<tr>\n<td valign=\"top\">\n<h3>MGN<\/h3>\n<p><img decoding=\"async\" src=\"\/wp-content\/uploads\/diseno_grafico\/mgn_2.jpg\" alt=\"\" \/><br \/>\nLa empresa apoya la renovaci\u00f3n de su identidad mediante una campa\u00f1a impactante en la prensa especializada de su sector: la ingenier\u00eda ferroviaria.<\/td>\n<td valign=\"top\"><img decoding=\"async\" src=\"\/wp-content\/uploads\/diseno_grafico\/mgn_3.jpg\" alt=\"\" \/><br \/>\nSu nueva identidad corporativa se transmite a todas las comunicaciones corporativas:<br \/>\nDise\u00f1amos un cat\u00e1logo de productos que reflejara su salto cualitativo, de empresa de producci\u00f3n a ingenier\u00eda, con proyectos de I+D+i de alta tecnolog\u00eda.<\/td>\n<\/tr>\n<tr>\n<td colspan=\"2\" valign=\"top\">\n<h3>Aqualon<\/h3>\n<p><img decoding=\"async\" src=\"\/wp-content\/uploads\/diseno_grafico\/aqualon.jpg\" alt=\"\" \/> <img decoding=\"async\" src=\"\/wp-content\/uploads\/diseno_grafico\/de_todo_aqui.jpg\" alt=\"\" \/><br \/>\nEl primer Centro Comercial que se abre en Huelva pretende acercar tiendas que, hasta ese momento, los ovetenses s\u00f3lo encontraban en C\u00e1diz, Sevilla o C\u00f3rdoba.<br \/>\nDesarrollamos, para darlo a conocer, una gr\u00e1fica colorista, eficaz y atrayente para todos los p\u00fablicos.<\/td>\n<\/tr>\n<tr>\n<td colspan=\"2\" valign=\"top\">\n<h3>La Nava<\/h3>\n<p><img decoding=\"async\" src=\"\/wp-content\/uploads\/diseno_grafico\/nava_1.jpg\" alt=\"\" \/> <img decoding=\"async\" src=\"\/wp-content\/uploads\/diseno_grafico\/nava_2.jpg\" alt=\"\" \/><br \/>\nCuando una empresa como La Nava, que ofrece gesti\u00f3n integral para la caza mayor y menor, en su finca de Ciudad Real, se plantea editar un cat\u00e1logo corporativo para sus clientes, cada detalle debe ser cuidado y dise\u00f1ado con mimo.<\/td>\n<\/tr>\n<tr>\n<td colspan=\"2\" valign=\"top\">\n<h3>Valadares<\/h3>\n<p><img decoding=\"async\" src=\"\/wp-content\/uploads\/diseno_grafico\/valadares_1.jpg\" alt=\"\" \/> <img decoding=\"async\" src=\"\/wp-content\/uploads\/diseno_grafico\/valadares_2.jpg\" alt=\"\" \/><br \/>\nCon ocasi\u00f3n de su entrada en el mercado espa\u00f1ol, la primera firma portuguesa de sanitarios apuesta por una imagen esmerada, a la vez que impactante, para sus cat\u00e1logos de productos y sus campa\u00f1as en prensa.<br \/>\nResultado: En s\u00f3lo un a\u00f1o, pasa de ser una firma desconocida a los primeros puestos de notoriedad en su sector.<\/td>\n<\/tr>\n<tr>\n<td valign=\"top\">\n<h3>Lled\u00f3 Iluminaci\u00f3n<\/h3>\n<p><img decoding=\"async\" src=\"\/wp-content\/uploads\/diseno_grafico\/lledo.jpg\" alt=\"\" \/><br \/>\nCat\u00e1logo corporativo de productos para una de las firmas de iluminaci\u00f3n con m\u00e1s solera y prestigio.<\/td>\n<td valign=\"top\">\n<h3>Fundaci\u00f3n Conocimiento Libre<\/h3>\n<p><img decoding=\"async\" src=\"\/wp-content\/uploads\/diseno_grafico\/conocimiento_libre.jpg\" alt=\"\" \/><br \/>\nCat\u00e1logo corporativo de una fundaci\u00f3n, de \u00e1mbito local e internacional, cuya labor se centra en la difusi\u00f3n del software libre y los est\u00e1ndares de programaci\u00f3n abiertos.<\/td>\n<\/tr>\n<tr>\n<td valign=\"top\">\n<h3>Vis\u00e1n<\/h3>\n<p><img decoding=\"async\" src=\"\/wp-content\/uploads\/diseno_grafico\/visan.jpg\" alt=\"\" \/><br \/>\nCat\u00e1logo corporativo con el que la empresa da a conocer su salto de la producci\u00f3n de piensos a la I+ D+i, en el campo de la alimentaci\u00f3n para mascotas.<\/td>\n<td valign=\"top\">\n<h3>El C\u00edrculo Club<\/h3>\n<p><img decoding=\"async\" src=\"\/wp-content\/uploads\/diseno_grafico\/circulo_club.jpg\" alt=\"\" \/><br \/>\nSe abre en Madrid un nuevo y exclusivo club privado de ocio, con una imagen corporativa pregnante que se refleja en todas las comunicaciones de sus actividades, destinadas a socios y amigos.<\/td>\n<\/tr>\n<tr>\n<td valign=\"top\">\n<h3>ZARA<\/h3>\n<p><img decoding=\"async\" src=\"\/wp-content\/uploads\/diseno_grafico\/zara.jpg\" alt=\"\" \/><br \/>\nPackaging para nueva l\u00ednea de colonia de Zara.<\/td>\n<td valign=\"top\">\n<h3>Ministerio de Industria, Turismo y Comercio.<\/h3>\n<p><img decoding=\"async\" src=\"\/wp-content\/uploads\/2012\/04\/13.jpg\" alt=\"\" \/><br \/>\nDise\u00f1o de portadas para la revista ICE, Bolet\u00edn Econ\u00f3mico del Ministerio.<\/td>\n<\/tr>\n<\/tbody>\n<\/table>\n","protected":false},"excerpt":{"rendered":"<p>El dise\u00f1o gr\u00e1fico dispone la informaci\u00f3n con el fin de aumentar el atractivo del producto o servicio. Recurrimos a las artes cl\u00e1sicas de la tipograf\u00eda, la maquetaci\u00f3n, la ilustraci\u00f3n, la fotograf\u00eda y a sus aplicaciones espec\u00edficas, dirigiendo activamente todos los procesos de producci\u00f3n. No olvidamos que, sea cual sea el proyecto, nuestra promoci\u00f3n va incluida [&hellip;]<\/p>\n","protected":false},"author":2,"featured_media":0,"parent":16,"menu_order":0,"comment_status":"open","ping_status":"open","template":"una-columna.php","meta":{"_monsterinsights_skip_tracking":false,"_monsterinsights_sitenote_active":false,"_monsterinsights_sitenote_note":"","_monsterinsights_sitenote_category":0,"footnotes":""},"class_list":["post-121","page","type-page","status-publish","hentry"],"_links":{"self":[{"href":"https:\/\/www.reinicio.net\/index.php\/wp-json\/wp\/v2\/pages\/121"}],"collection":[{"href":"https:\/\/www.reinicio.net\/index.php\/wp-json\/wp\/v2\/pages"}],"about":[{"href":"https:\/\/www.reinicio.net\/index.php\/wp-json\/wp\/v2\/types\/page"}],"author":[{"embeddable":true,"href":"https:\/\/www.reinicio.net\/index.php\/wp-json\/wp\/v2\/users\/2"}],"replies":[{"embeddable":true,"href":"https:\/\/www.reinicio.net\/index.php\/wp-json\/wp\/v2\/comments?post=121"}],"version-history":[{"count":16,"href":"https:\/\/www.reinicio.net\/index.php\/wp-json\/wp\/v2\/pages\/121\/revisions"}],"predecessor-version":[{"id":876,"href":"https:\/\/www.reinicio.net\/index.php\/wp-json\/wp\/v2\/pages\/121\/revisions\/876"}],"up":[{"embeddable":true,"href":"https:\/\/www.reinicio.net\/index.php\/wp-json\/wp\/v2\/pages\/16"}],"wp:attachment":[{"href":"https:\/\/www.reinicio.net\/index.php\/wp-json\/wp\/v2\/media?parent=121"}],"curies":[{"name":"wp","href":"https:\/\/api.w.org\/{rel}","templated":true}]}}