{"id":118,"date":"2012-04-26T13:53:11","date_gmt":"2012-04-26T13:53:11","guid":{"rendered":"http:\/\/www.reinicio.net\/?page_id=118"},"modified":"2018-12-08T23:51:18","modified_gmt":"2018-12-08T21:51:18","slug":"identidad","status":"publish","type":"page","link":"https:\/\/www.reinicio.net\/index.php\/trabajos\/identidad\/","title":{"rendered":"Identidad"},"content":{"rendered":"<p><span style=\"color: #666699;\">Los resultados de una organizaci\u00f3n o emprendedor aut\u00f3nomo dependen de que conecte con su p\u00fablico de modo coherente y sostenible. El signo y el tono propios han de ser \u00fanicos, apropiados y relevantes, por eso necesitan ser definida, dise\u00f1ada, aplicada y difundida en todas sus comunicaciones. Mantenerse an\u00f3nimo o invisible en un mercado en constante cambio equivale a no existir.<\/span><\/p>\n<div class=\"separator\"><\/div>\n<table id=\"identidades\" width=\"100%\" border=\"0\" cellspacing=\"0\" cellpadding=\"0\">\n<tbody>\n<tr>\n<td valign=\"top\" width=\"50%\">\n<h3>MR. TOOLS<\/h3>\n<p><a title=\"MR. TOOLS\" href=\"http:\/\/www.mrgems.es\/\/\" target=\"_blank\"><img loading=\"lazy\" decoding=\"async\" alt=\"\" src=\"\/wp-content\/uploads\/2018\/12\/Mr.-Tools-Reinicio.jpg\" width=\"360\" height=\"203\" \/><\/a><br \/>\nEmpresa fundada hace 20 a\u00f1os, Mr. Tools es marca l\u00edder en importaci\u00f3n de maquinaria para joyer\u00eda. Dise\u00f1amos su nuevo logo a partir del hex\u00e1gono, figura que contiene un mensaje triple: estructura, funci\u00f3n y orden. Adem\u00e1s, expresa valores de adaptabilidad, eficiencia y precisi\u00f3n.<br \/>\n<br \/>\nA\u00f1adimos cajas de env\u00edo a cada uno de sus seis lados y tenemos un isotipo din\u00e1mico y adaptable. Con el azul ya asociado al nombre de la marca y una tipograf\u00eda redondeada completamos un logotipo s\u00f3lido que propone movimiento.<\/td>\n<td valign=\"top\" width=\"50%\">\n<h3>Los Corrales de Soto<\/h3>\n<p><img loading=\"lazy\" decoding=\"async\" alt=\"\" src=\"\/wp-content\/uploads\/2018\/12\/Los-Corrales-Reinicio.jpg\" width=\"360\" height=\"203\" \/><br \/>\nUna de las m\u00e1s antiguas casas de Soto del Real se convierte en hotel rural y restaurante con vocaci\u00f3n de lugar abierto a actividades art\u00edsticas y conciertos.<br \/>\n<br \/>\nDise\u00f1amos un logotipo floral basado en la flor y semillas del sa\u00faco, planta que abunda en su jard\u00edn; de uso medicinal y ligada al mundo m\u00e1gico y a la protecci\u00f3n de las casas. Su flor, con p\u00e9talos en forma de coraz\u00f3n, contribuye con calidez a la identidad visual.<\/td>\n<\/tr>\n<tr>\n<td valign=\"top\" width=\"50%\">\n<h3>Inicia<\/h3>\n<p><a title=\"Inicia\" href=\"http:\/\/www.iniciarrhh.com\/\" target=\"_blank\"><img loading=\"lazy\" decoding=\"async\" alt=\"\" src=\"\/wp-content\/uploads\/2012\/04\/LOGO-INICIA.jpg\" width=\"360\" height=\"203\" \/><\/a><br \/>\nLa experiencia de Inicia en Formaci\u00f3n y dinamizaci\u00f3n de equipos profesionales se ha desarrolla en las m\u00e1s variadas empresas con mucho \u00e9xito.<br \/>\nAhora renuevan su identidad y comunicaci\u00f3n para llegar a m\u00e1s organizaciones, empresas y alumnos. <\/p>\n<p>Expresamos gr\u00e1ficamente su propuesta con una espiral de crecimiento que florece en varios colores como representaci\u00f3n de su trabajo multidisciplinar y los efectos que tiene cuando se aplica.<\/td>\n<td valign=\"top\" width=\"50%\">\n<h3>Rosol<\/h3>\n<p><a title=\"Rosol\" href=\"http:\/\/www.rosol-technology.com\/\" target=\"_blank\"><img loading=\"lazy\" decoding=\"async\" alt=\"\" src=\"\/wp-content\/uploads\/2012\/04\/LOGO-ROSOL.jpg\" width=\"360\" height=\"203\" \/><\/a><br \/>\nUna nueva ingenier\u00eda de software nace en Espa\u00f1a de la mano de gestores e ingenieros con largo recorrido en empresas punteras del ramo y nos llaman para definir su identidad a partir de la misi\u00f3n de la empresa.<\/p>\n<p>Elegimos una tipograf\u00eda cl\u00e1sica y la insertamos en un isotipo que alumbra el nombre a la vez que representa los desarrollos de la empresa en forma de \u00e1rbol sintetizado.<\/td>\n<\/tr>\n<tr>\n<td valign=\"top\" width=\"50%\">\n<h3>Talianatura<\/h3>\n<p><img loading=\"lazy\" decoding=\"async\" alt=\"\" src=\"\/wp-content\/uploads\/2014\/05\/TALIANATURA.jpg\" width=\"360\" height=\"203\" \/><br \/>\nLa identidad visual de una emprendedora que cocina y manufactura artesanalmente cremas y jabones necesita poner en valor sus ingredientes naturales.<\/p>\n<p>Recogemos la lista de plantas m\u00e1s usadas en sus productos y las dibujamos rodeando dos brazos femeninos en forma de T may\u00fascula que sugeriere un \u00fatero central.<\/p>\n<p>El resultado es una corona de flores que funciona bien en todos los tama\u00f1os de etiquetas para las soluciones y esencias que la marca produce. <\/td>\n<td valign=\"top\" width=\"50%\">\n<h3>CORAOPS<\/h3>\n<p><a title=\"CORAOPS\" href=\"http:\/\/coraops.com\/\" target=\"_blank\"><img loading=\"lazy\" decoding=\"async\" alt=\"\" src=\"\/wp-content\/uploads\/2014\/05\/CORAOPS.jpg\" width=\"360\" height=\"203\" \/><\/a><br \/>\nEl <a href=\"http:\/\/coraops.com\">Instituto de Coaching Ejecutivo<\/a> (ICE) tras 8 a\u00f1os de experiencia, evoluciona hacia una comunidad 3.0 donde cambia su nombre por el de su metodolog\u00eda propia. Trabajamos en profundidad su identidad visual en base a la propuesta multifuncional de todas las fases en las que trabajan con sus clientes.<\/p>\n<p>La s\u00edntesis perfecta es un mandala dise\u00f1ado sobre la <a href=\"http:\/\/es.wikipedia.org\/wiki\/Flor_de_la_Vida\">Flor de la Vida<\/a>, patr\u00f3n de desarrollo que se encuentra en la geometr\u00eda natural de muchos seres vivos. Lo elegimos como s\u00edmblo de desarrollo personal y organizacional que la empresa ofrece. usamos el mandal para desplegar la infomaci\u00f3n de servicios y aplicaciones que la empresa ofrece. Sus clientes se relacionan con esta forma de manera intuitiva y emp\u00e1tica.<\/td>\n<\/tr>\n<tr>\n<td valign=\"top\" width=\"50%\">\n<h3>Certain Risks<\/h3>\n<p><img loading=\"lazy\" decoding=\"async\" alt=\"\" src=\"\/wp-content\/uploads\/2014\/05\/CERTAIN-RISKS1.jpg\" width=\"360\" height=\"203\" \/><br \/>\n<a href=\"http:\/\/es.linkedin.com\/pub\/luis-sanchez-alba\/1a\/b70\/b75\" target=\"_blank\">Luis S\u00e1nchez Alba<\/a> funda su productora en Estados Unidos y se la trae a Espa\u00f1a. Con ella produce su documental <a href=\"http:\/\/diamondinsidethemovie.wordpress.com\/\" target=\"_blank\">Diamond Inside<\/a> y muchos otros trabajos varios.<br \/>\nLa idea de este nombre nace de la uni\u00f3n de pasi\u00f3n, aventura y evidentes riesgos que el arte audiovisual y su producci\u00f3n implican, sea cual sea su disciplina, medio y objetivos.<\/p>\n<p>Dise\u00f1amos una identidad que exprese acci\u00f3n con una tipograf\u00eda con sabor a gui\u00f3n mecanografiado. El \u00e1ngel ca\u00eddo de la famosa estatua de <a href=\"http:\/\/es.wikipedia.org\/wiki\/Ricardo_Bellver\" target=\"_blank\">Ricardo Bellver<\/a>, inspirada en el Para\u00edso Perdido de Milton, es elecci\u00f3n personal de Luis para completar el gui\u00f1o de su identidad visual.<br \/>\n&nbsp;<\/td>\n<td valign=\"top\" width=\"50%\">\n<h3>Opciona<\/h3>\n<p><a title=\"Opciona\" href=\"http:\/\/opciona.net\/\" target=\"_blank\"><img loading=\"lazy\" decoding=\"async\" alt=\"\" src=\"\/wp-content\/uploads\/2014\/05\/OPCIONA.jpg\" width=\"360\" height=\"203\" \/><\/a><br \/>\nUna consultora de nueva creaci\u00f3n necesita un nombre y una identidad que concrete en una palabra sus servicios y en un solo vistazo proponga su valor para las organizaciones y emprendedores a los que dedica su trabajo.<\/p>\n<p>Convertimos las Oes de su nombre en globos de di\u00e1logo que adapta sus servicios a la demanda y necesidades del cliente. La vocaci\u00f3n de la empresa es adaptar sus servicios al m\u00e1ximo y su propuesta de valor, generar cambios eficaces: el di\u00e1logo rompe con su \u00abaguij\u00f3n\u00bb la curva de la O en la conversaci\u00f3n en marcha.<br \/>\nEn las infograf\u00edas que preparamos para <a href=\"http:\/\/opciona.net\">su web<\/a> se ampl\u00eda la informaci\u00f3n acerca de sus servicios. <\/td>\n<\/tr>\n<tr>\n<td valign=\"top\" width=\"50%\">\n<h3>Af\u00f3nica<\/h3>\n<p><img loading=\"lazy\" decoding=\"async\" alt=\"\" src=\"\/wp-content\/uploads\/2013\/03\/Af\u00f3nica.jpg\" width=\"360\" height=\"203\" \/><br \/>\nAf\u00f3nica Sound Productions es una productora de ficci\u00f3n sonora especializada en teatro de autor. Produce <a href=\"http:\/\/www.bbc.co.uk\/programmes\/b03z9jr8\">obras sonoras de autores contempor\u00e1neos<\/a> y cl\u00e1sicos, entre otros, para la <a href=\"http:\/\/www.bbc.co.uk\/radio3\/on-air\">BBC<\/a>.<\/p>\n<p>Redise\u00f1amos su identidad visual como sello que alude a los guiones de teatro y cine. Elegimos una tipograf\u00eda emblem\u00e1tica de la literatura cl\u00e1sica espa\u00f1ola, la Ibarra Real, acentuada como altavoz, fragmentada en fonemas y enmarcada para su diferenciaci\u00f3n sobre cualquier soporte.<\/p>\n<p>&nbsp;<\/td>\n<td valign=\"top\" width=\"50%\">\n<h3>Oxford University Press<\/h3>\n<p><a title=\"La emoci\u00f3n de aprender\" href=\"http:\/\/oxfordinfantil.es\/que-es-la-emocion-de-aprender\/\" target=\"_blank\"><img loading=\"lazy\" decoding=\"async\" alt=\"\" src=\"\/wp-content\/uploads\/2013\/03\/LaEmoci\u00f3n.jpg\" width=\"360\" height=\"203\" \/><\/a><br \/>\nLos contenidos educativos multimedia que Oxford University Press presenta para <a href=\"http:\/\/www.oxfordinfantil.es\/la-emocion-de-aprender\/\">educaci\u00f3n infantil<\/a> se han elaborado sobre pilares s\u00f3lidos enfocados en una educaci\u00f3n integral que agrupa Inteligencia emocional, habilidades del pensamiento, ciencia y experimentaci\u00f3n y creatividad y su <em>leit motiv<\/em> es <a href=\"http:\/\/youtu.be\/rCCudvpKP68\">emocionar mientras aprendes<\/a>.<br \/>\nEncontramos en la <em>lettering<\/em> manual del primer aprendizaje en que el ni\u00f1o mezcla may\u00fasculas, min\u00fasculas y dibujo la mejor expresi\u00f3n de esa emoci\u00f3n.<\/td>\n<\/tr>\n<tr>\n<td valign=\"top\" width=\"50%\">\n<h3>Titiriguiri<\/h3>\n<p><a title=\"Titiriguiri\" href=\"http:\/\/www.titiriguiri.com\/viajedemartin\/company.html\"><img loading=\"lazy\" decoding=\"async\" alt=\"\" src=\"\/wp-content\/uploads\/2013\/02\/TITIRIGUIRI.jpg\" width=\"360\" height=\"203\" \/><\/a><\/p>\n<p>La experiencia de asistir a un espect\u00e1culo de t\u00edteres multimedia de Titiriguiri es inolvidable.<\/p>\n<p>Sonia Mu\u00f1oz escribe historias divertidas y cargadas de emotividad, dise\u00f1a personajes \u00fanicos y combina t\u00e9cnicas tradicionales de t\u00edteres con teatro y dibujos animados interactivos es sus especial\u00edsimos shows para todos los p\u00fablicos.<br \/>\nEste logo ten\u00eda que expresar todo eso y, a la vez, estar a la altura de su diferencia.<\/p>\n<p>&nbsp;<\/td>\n<td valign=\"top\" width=\"50%\">\n<h3>Ingrid Alves<\/h3>\n<p><img loading=\"lazy\" decoding=\"async\" alt=\"\" src=\"\/wp-content\/uploads\/2013\/02\/INGRID-ALVES.jpg\" width=\"360\" height=\"203\" \/><\/p>\n<p>Traducciones de alta especializaci\u00f3n en sectores con terminolog\u00edas espec\u00edficas, adem\u00e1s de interpretaci\u00f3n y locuci\u00f3n en cuatro idiomas.<\/p>\n<p>Ingrid nos encarga una identidad visual para potenciar su marca personal y difundir sus servicios.<br \/>\nEncontramos un signo \u2013secci\u00f3n\u2013 que expresa todos los aspectos de su identidad personal y profesional con frescura y firmeza. Elegimos una tipograf\u00eda que combina los remates cl\u00e1sicos con un dise\u00f1o actual y conseguimos un logo con el que Ingrid se identifica plenamente.<\/td>\n<\/tr>\n<tr>\n<td valign=\"top\" width=\"50%\">\n<h3>Bustaralternativo<\/h3>\n<p><img loading=\"lazy\" decoding=\"async\" alt=\"\" src=\"\/wp-content\/uploads\/identidad\/bustar_alternativo.jpg\" width=\"360\" height=\"203\" \/><\/p>\n<p>Una asociaci\u00f3n con vocaci\u00f3n de partido asambleario necesita reflejar su car\u00e1cter abierto y plural.<\/p>\n<p>Elegimos para su logo el nogal -sabidur\u00eda y ciencia- y convertimos a personas, animales y objetos relacionados con la comunidad en sus nueces, s\u00edmbolos de fertilidad e inteligencia.<\/p>\n<p>&nbsp;<\/td>\n<td valign=\"top\" width=\"50%\">\n<h3>Mar\u00eda L\u00f3pez-Brea<\/h3>\n<p><a title=\"Arquitectura Habitable y Habitante\" href=\"http:\/\/www.marialopez-brea.com\/\" target=\"_blank\"><img loading=\"lazy\" decoding=\"async\" alt=\"\" src=\"\/wp-content\/uploads\/identidad\/mlb.jpg\" width=\"360\" height=\"203\" \/><\/a><\/p>\n<p>Convertimos el nombre propio de la arquitecta en marca personal, tratamos su huella digital y la convertimos en textura de \u00f3xido de hierro, uno de sus materiales de trabajo favoritos.<\/td>\n<\/tr>\n<tr>\n<td valign=\"top\" width=\"50%\">\n<h3>Recrea<\/h3>\n<p><img loading=\"lazy\" decoding=\"async\" alt=\"\" src=\"\/wp-content\/uploads\/identidad\/recrea.jpg\" width=\"360\" height=\"203\" \/><\/p>\n<p>Identidad para empresa de estudios de mercado cualitativos:<br \/>\nla entrada de datos y salida de resultados representada en luz blanca que se rompe en un prisma a su paso por el reloj de arena, factor tiempo.<\/p>\n<p>La mariposa refuerza y a\u00f1ade valores fundamentales; femineidad, el factor emp\u00e1tico de cada estudio y agilidad, imprescindible para este servicio.<br \/>\nLa cl\u00e1sica Garamond aporta firmeza al car\u00e1cter del logo.<\/p>\n<p>&nbsp;<\/td>\n<td valign=\"top\" width=\"50%\">\n<h3>Coonecta<\/h3>\n<p><img loading=\"lazy\" decoding=\"async\" alt=\"\" src=\"\/wp-content\/uploads\/identidad\/COOnecta.jpg\" width=\"360\" height=\"203\" \/><\/p>\n<p>Una empresa de servicios para el desarrollo personal y profesional a trav\u00e9s del coaching ejecutivo pide un nombre claro y que comunique acci\u00f3n. Elegimos Cooperar y Conectar por ser los verbos que mejor definen el estado mental necesario, hacia dentro y hacia fuera de cada persona, equipo o empresa.<\/p>\n<p>Escribimos este nombre en una tipograf\u00eda personalizada a la que a\u00f1adimos la lemniscata, s\u00edmbolo de infinito y sostenibilidad, y el espacio donde aparecer\u00eda la pr\u00f3xima letra, el pr\u00f3ximo paso a dar, la pr\u00f3xima acci\u00f3n.<\/td>\n<\/tr>\n<tr>\n<td valign=\"top\" width=\"50%\">\n<h3>Ayuntamiento de Bustarviejo<\/h3>\n<p><a title=\"Bustarviejo\" href=\"http:\/\/www.bustarviejo.org\/bustarviejo\/opencms\/site\/web\/portada\/?comboIdiomas=null\" target=\"_blank\"><img loading=\"lazy\" decoding=\"async\" alt=\"\" src=\"\/wp-content\/uploads\/identidad\/bustarviejo_ayuntamiento.jpg\" width=\"360\" height=\"203\" \/><\/a><\/p>\n<p>Nueva imagen corporativa para un equipo de gobierno dinamizador, que apuesta por la cultura y la participaci\u00f3n ciudadana, en un pueblo con una poblaci\u00f3n que se rejuvenece d\u00eda a d\u00eda.<\/p>\n<p>Alternando una tipograf\u00eda cl\u00e1sica con otra de palo seco, para resaltar las cinco vocales que el nombre contiene, conseguimos un logo que, acompa\u00f1ado del escudo oficial, transmite fuerza y pluralidad, a la vez que solidez.<\/td>\n<td valign=\"top\" width=\"50%\">\n<h3>Cons\u00faltex<\/h3>\n<p><img loading=\"lazy\" decoding=\"async\" alt=\"\" src=\"\/wp-content\/uploads\/identidad\/consultex.jpg\" width=\"360\" height=\"203\" \/><\/p>\n<p>Cons\u00faltex es una empresa nueva que ofrece a sus clientes servicios de gesti\u00f3n para la contrataci\u00f3n p\u00fablica.<br \/>\nPartimos de una tipograf\u00eda de palo seco, de l\u00ednea amable y peso significativo. El acento, transformado en c\u00edrculo, cae sobre la U; la X final se ve realzada con un recuadro de formulario, para un acertado resultado final.<br \/>\nLa soluci\u00f3n es un logotipo sobrio y expresivo que refuerza los valores de seriedad, experiencia, solvencia y dinamismo que necesita afianzar, entre sus futuros clientes, una empresa con garra que busca darse a conocer.<\/p>\n<p>&nbsp;<\/td>\n<\/tr>\n<tr>\n<td valign=\"top\" width=\"50%\">\n<h3>Beaster<\/h3>\n<p><img loading=\"lazy\" decoding=\"async\" alt=\"\" src=\"\/wp-content\/uploads\/identidad\/beaster.jpg\" width=\"360\" height=\"203\" \/><\/p>\n<p>Una marca de ropa deportiva, especializada en boxeo y deportes de contacto, requiere una imagen compacta e impactante.<br \/>\nSiete c\u00edrculos hacen rodar las letras del nombre y le otorgan cualidad de sello.<br \/>\nEl resultado es un logotipo din\u00e1mico que destaca sobre cualquier prenda o soporte en que se imprima.<\/p>\n<p>&nbsp;<\/td>\n<td valign=\"top\" width=\"50%\">\n<h3>MGN<\/h3>\n<p><a title=\"MGN\" href=\"http:\/\/www.mgncaucho.com\" target=\"_blank\"><img loading=\"lazy\" decoding=\"async\" alt=\"\" src=\"\/wp-content\/uploads\/identidad\/mgn.jpg\" width=\"360\" height=\"203\" \/><\/a><\/p>\n<p>Despu\u00e9s de 50 a\u00f1os de liderazgo en el sector de la fabricaci\u00f3n de piezas para automoci\u00f3n, la empresa ampl\u00eda su estructura con un Departamento de Dise\u00f1o e I+D+i, e implementa tecnolog\u00eda punta para afrontar el reto.<br \/>\nSu nueva identidad parte de ese reposicionamiento, ofreciendo una imagen din\u00e1mica, tecnol\u00f3gica y abierta.<\/td>\n<\/tr>\n<tr>\n<td valign=\"top\" width=\"50%\">\n<h3>Ecolink<\/h3>\n<p><a title=\"Ecolink\" href=\"http:\/\/ecolink.es\/\" target=\"_blank\"><img loading=\"lazy\" decoding=\"async\" alt=\"\" src=\"\/wp-content\/uploads\/identidad\/ecolink.jpg\" width=\"360\" height=\"203\" \/><\/a><\/p>\n<p>Resulta imprescindible que el nombre de una ingenier\u00eda y asesor\u00eda para el cumplimiento de protocolos de gesti\u00f3n medioambiental defina su alta especializaci\u00f3n.<br \/>\nPara ello, decidimos construir su identidad partiendo de los pilares que definen su trabajo: ecolog\u00eda y asesor\u00eda personalizada para cada empresa, de cualquier sector.<br \/>\nUna tipograf\u00eda de palo seco redondeada y un bot\u00f3n del teclado, adecuado al enlace propuesto, completan una imagen eficaz y n\u00edtida.<\/td>\n<td valign=\"top\" width=\"50%\">\n<h3>Viatec<\/h3>\n<p><a title=\"VIATEC\" href=\"http:\/\/viatec.es\/\" target=\"_blank\"><img loading=\"lazy\" decoding=\"async\" alt=\"\" src=\"\/wp-content\/uploads\/identidad\/viatec.jpg\" width=\"360\" height=\"203\" \/><\/a><\/p>\n<p>Las infraestructuras ferroviarias crecen y con ellas la demanda del sector.<br \/>\nViatec nace para proporcionar soluciones de ingenier\u00eda especializada a las m\u00e1s modernas tecnolog\u00edas de automoci\u00f3n.<br \/>\nSu imagen corporativa expresa la misi\u00f3n de adecuar soluciones a cada caso, a trav\u00e9s de su experiencia en dise\u00f1o de componentes.<\/td>\n<\/tr>\n<tr>\n<td valign=\"top\" width=\"50%\">\n<h3>Gobi<\/h3>\n<p><img loading=\"lazy\" decoding=\"async\" alt=\"\" src=\"\/wp-content\/uploads\/identidad\/gobi.jpg\" width=\"360\" height=\"203\" \/><\/p>\n<p>Una marca de edredones de pluma, de fabricaci\u00f3n 100% espa\u00f1ola, con una amplia red de distribuci\u00f3n y el prestigio de su marca madre: Ferdown, con treinta a\u00f1os de implantaci\u00f3n en el mercado.<br \/>\nProponemos una imagen corporativa, compuesta de tipograf\u00eda personalizada e imagotipo-mascota, para reforzar el grafismo y la memorizaci\u00f3n de la marca.<br \/>\nEl resultado es un logo rotundo y f\u00e1cil de recordar.<\/p>\n<p>&nbsp;<\/td>\n<td valign=\"top\" width=\"50%\">\n<h3>Dorado de Guadalmena<\/h3>\n<p><img loading=\"lazy\" decoding=\"async\" alt=\"\" src=\"\/wp-content\/uploads\/identidad\/dorado_guadalema.jpg\" width=\"360\" height=\"203\" \/><\/p>\n<p>La imagen para esta marca de aceite de oliva virgen proyecta su valor como trabajo artesanal, y la idea de oliva como materia prima prensada en fr\u00edo y como huevo-s\u00edmbolo de creaci\u00f3n.<\/td>\n<\/tr>\n<tr>\n<td valign=\"top\" width=\"50%\">\n<h3>Plis-Plas<\/h3>\n<p><img loading=\"lazy\" decoding=\"async\" alt=\"\" src=\"\/wp-content\/uploads\/identidad\/plis_plas.jpg\" width=\"360\" height=\"203\" \/><\/p>\n<p>\u00c9ste fue el nombre m\u00e1s adecuado que encontramos para una cadena de autolavado de coches, tanto por su significado, ligado a la rapidez, como por su sonoridad, breve y asociada al agua.<br \/>\nSu logotipo refuerza esa idea de celeridad en el servicio y de trabajo satisfactorio.<\/td>\n<td valign=\"top\" width=\"50%\">\n<h3>Valero<\/h3>\n<p><a title=\"Valero\" href=\"http:\/\/www.valeroempresas.com\/\" target=\"_blank\"><img loading=\"lazy\" decoding=\"async\" alt=\"\" src=\"\/wp-content\/uploads\/identidad\/valero.jpg\" width=\"360\" height=\"203\" \/><\/a><\/p>\n<p>Empresa con 20 a\u00f1os de experiencia en el mercado de la infraestructura met\u00e1lica para construcci\u00f3n, renueva su identidad con nuevo logotipo e implantaci\u00f3n en papeler\u00eda, flota de camiones, web, etc.<br \/>\nPartiendo del elefante como s\u00edmbolo de fuerza, longevidad y tes\u00f3n, apoyamos, con el logo, su reposicionamiento como empresa l\u00edder del sector.<br \/>\nLa tipograf\u00eda de palo seco, levemente cursiva, acent\u00faa el valor de eficiencia en el servicio.<\/p>\n<p>&nbsp;<\/td>\n<\/tr>\n<tr>\n<td valign=\"top\" width=\"50%\">\n<h3>Neurored<\/h3>\n<p><a title=\"Neurored\" href=\"http:\/\/www.neurored.com\/\" target=\"_blank\"><img loading=\"lazy\" decoding=\"async\" alt=\"\" src=\"\/wp-content\/uploads\/identidad\/neurored.jpg\" width=\"360\" height=\"203\" \/><\/a><\/p>\n<p>Identidad corporativa para asesor\u00eda de negocios y marketing on-line.<br \/>\nReforzamos el nombre de la empresa con un trabajo tipogr\u00e1fico adecuado que transmita su misi\u00f3n como empresa din\u00e1mica, asociada a nuevas tecnolog\u00edas de comunicaci\u00f3n.<\/td>\n<td valign=\"top\" width=\"50%\">\n<h3>Jardines Direct<\/h3>\n<p><a href=\"http:\/\/www.jardinesdirect.com\/\"><img loading=\"lazy\" decoding=\"async\" alt=\"\" src=\"\/wp-content\/uploads\/identidad\/jardines_direct.jpg\" width=\"360\" height=\"203\" \/><\/a><\/p>\n<p>Empresa de producci\u00f3n de \u00e1rboles ornamentales.<br \/>\nSe posiciona como organizci\u00f3n especializada en procesos productivos de alta eficacia y cuidado medioambiental.<br \/>\nEl logotipo realza su valor ecol\u00f3gico<\/p>\n<p>&nbsp;<\/td>\n<\/tr>\n<\/tbody>\n<\/table>\n","protected":false},"excerpt":{"rendered":"<p>Los resultados de una organizaci\u00f3n o emprendedor aut\u00f3nomo dependen de que conecte con su p\u00fablico de modo coherente y sostenible. El signo y el tono propios han de ser \u00fanicos, apropiados y relevantes, por eso necesitan ser definida, dise\u00f1ada, aplicada y difundida en todas sus comunicaciones. Mantenerse an\u00f3nimo o invisible en un mercado en constante [&hellip;]<\/p>\n","protected":false},"author":2,"featured_media":0,"parent":16,"menu_order":0,"comment_status":"open","ping_status":"open","template":"una-columna.php","meta":{"_monsterinsights_skip_tracking":false,"_monsterinsights_sitenote_active":false,"_monsterinsights_sitenote_note":"","_monsterinsights_sitenote_category":0,"footnotes":""},"class_list":["post-118","page","type-page","status-publish","hentry"],"_links":{"self":[{"href":"https:\/\/www.reinicio.net\/index.php\/wp-json\/wp\/v2\/pages\/118"}],"collection":[{"href":"https:\/\/www.reinicio.net\/index.php\/wp-json\/wp\/v2\/pages"}],"about":[{"href":"https:\/\/www.reinicio.net\/index.php\/wp-json\/wp\/v2\/types\/page"}],"author":[{"embeddable":true,"href":"https:\/\/www.reinicio.net\/index.php\/wp-json\/wp\/v2\/users\/2"}],"replies":[{"embeddable":true,"href":"https:\/\/www.reinicio.net\/index.php\/wp-json\/wp\/v2\/comments?post=118"}],"version-history":[{"count":34,"href":"https:\/\/www.reinicio.net\/index.php\/wp-json\/wp\/v2\/pages\/118\/revisions"}],"predecessor-version":[{"id":997,"href":"https:\/\/www.reinicio.net\/index.php\/wp-json\/wp\/v2\/pages\/118\/revisions\/997"}],"up":[{"embeddable":true,"href":"https:\/\/www.reinicio.net\/index.php\/wp-json\/wp\/v2\/pages\/16"}],"wp:attachment":[{"href":"https:\/\/www.reinicio.net\/index.php\/wp-json\/wp\/v2\/media?parent=118"}],"curies":[{"name":"wp","href":"https:\/\/api.w.org\/{rel}","templated":true}]}}